{"id":13547,"date":"2026-01-30T11:08:58","date_gmt":"2026-01-30T11:08:58","guid":{"rendered":"https:\/\/www.revilax.be\/?page_id=13547"},"modified":"2026-03-30T08:30:36","modified_gmt":"2026-03-30T08:30:36","slug":"questions-frequentes","status":"publish","type":"page","link":"https:\/\/www.revilax.be\/fr\/questions-frequentes\/","title":{"rendered":"Questions fr\u00e9quentes"},"content":{"rendered":"\t\t<div data-elementor-type=\"wp-page\" data-elementor-id=\"13547\" class=\"elementor elementor-13547 elementor-13544\">\n\t\t\t\t\t\t<section class=\"elementor-section elementor-top-section elementor-element elementor-element-81c2753 elementor-section-boxed elementor-section-height-default elementor-section-height-default qodef-elementor-content-no\" data-id=\"81c2753\" data-element_type=\"section\">\n\t\t\t\t\t\t<div class=\"elementor-container elementor-column-gap-default\">\n\t\t\t\t\t<div class=\"elementor-column elementor-col-100 elementor-top-column elementor-element elementor-element-05b11ec\" data-id=\"05b11ec\" data-element_type=\"column\">\n\t\t\t<div class=\"elementor-widget-wrap elementor-element-populated\">\n\t\t\t\t\t\t<div class=\"elementor-element elementor-element-6a0c39c elementor-widget__width-initial elementor-widget elementor-widget-qi_addons_for_elementor_section_title\" data-id=\"6a0c39c\" data-element_type=\"widget\" data-widget_type=\"qi_addons_for_elementor_section_title.default\">\n\t\t\t\t<div class=\"elementor-widget-container\">\n\t\t\t\t\t<div class=\"qodef-shortcode qodef-m qodef-qi-section-title qodef-decoration--italic qodef-link--underline-draw qodef-subtitle-icon--left\">\n\t\t\t\t<h6 class=\"qodef-m-subtitle\">\n\t\tFAQ\t\t\t<\/h6>\n\t\t\t<h1 class=\"qodef-m-title\">\n\t\tFoire aux questions sur les fauteuils de relaxation Revilax\t<\/h1>\n\t\t\t<div class=\"qodef-m-text\"><p>On ne choisit pas un fauteuil de relaxation \u00e0 la l\u00e9g\u00e8re. Le confort, le soutien et la fiabilit\u00e9 sont essentiels, surtout lorsque le fauteuil est utilis\u00e9 intensivement au quotidien. Chez Revilax, nous croyons au sur-mesure sans surprise, \u00e0 des accords clairs et \u00e0 un service qui se poursuit m\u00eame apr\u00e8s la livraison.<\/p>\n<p>Sur cette page, vous trouverez les r\u00e9ponses aux questions les plus fr\u00e9quemment pos\u00e9es sur nos fauteuils relax : de la personnalisation et des prises de mesures \u00e0 la livraison, en passant par la garantie, l'entretien et les r\u00e9parations. Vous saurez ainsi exactement \u00e0 quoi vous en tenir et pourrez choisir en toute s\u00e9r\u00e9nit\u00e9 la solution d'assise qui vous convient parfaitement.<\/p>\n<p>Vous ne trouvez pas votre question ici ? N'h\u00e9sitez pas \u00e0 nous contacter ou \u00e0 demander une prise de mesures via l'un de nos points de vente. Nous serons ravis de vous aider.<\/p><\/div>\n\t<\/div>\n\t\t\t\t<\/div>\n\t\t\t\t<\/div>\n\t\t\t\t<div class=\"elementor-element elementor-element-6e276b9 elementor-widget__width-initial elementor-widget elementor-widget-qi_addons_for_elementor_faq\" data-id=\"6e276b9\" data-element_type=\"widget\" data-widget_type=\"qi_addons_for_elementor_faq.default\">\n\t\t\t\t<div class=\"elementor-widget-container\">\n\t\t\t\t\t<div class=\"qodef-shortcode qodef-m qodef-qi-faq qodef-qi-clear qodef-behavior--none qodef-layout--simple qodef-style--standard\">\n\t<h2 class=\"qodef-e-title-holder\">\n\t<span class=\"qodef-e-title\">\n\t\t\t\tQue signifie le sur-mesure ?\t<\/span>\n\t<\/h2>\n<div class=\"qodef-e-content\">\n\t<div class=\"qodef-e-content-inner\">\n\t\t<p class=\"p1\">Chaque fauteuil relax est enti\u00e8rement adapt\u00e9 \u00e0 vos <span class=\"s1\">v\u0153ux<\/span>, votre condition physique et vos besoins. Nous ne travaillons pas avec des tailles standard comme small, medium ou large. Chaque fauteuil est fabriqu\u00e9 au centim\u00e8tre pr\u00e8s selon vos mesures.<\/p>\t<\/div>\n<\/div>\n<h2 class=\"qodef-e-title-holder\">\n\t<span class=\"qodef-e-title\">\n\t\t\t\tLe sur-mesure est-il obligatoire ? Puis-je choisir une version standard ?\t<\/span>\n\t<\/h2>\n<div class=\"qodef-e-content\">\n\t<div class=\"qodef-e-content-inner\">\n\t\t<p class=\"p1\">Le sur-mesure n\u2019est pas obligatoire. Vous pouvez \u00e9galement opter pour des dimensions standard.<\/p>\t<\/div>\n<\/div>\n<h2 class=\"qodef-e-title-holder\">\n\t<span class=\"qodef-e-title\">\n\t\t\t\tLe sur-mesure entra\u00eene-t-il un co\u00fbt suppl\u00e9mentaire ?\t<\/span>\n\t<\/h2>\n<div class=\"qodef-e-content\">\n\t<div class=\"qodef-e-content-inner\">\n\t\t<p class=\"p1\">Non, le sur-mesure est inclus dans le prix. Nous travaillons avec des prix fixes afin d\u2019\u00e9viter toute mauvaise surprise.<\/p>\t<\/div>\n<\/div>\n<h2 class=\"qodef-e-title-holder\">\n\t<span class=\"qodef-e-title\">\n\t\t\t\tLa livraison est-elle incluse dans le prix ?\t<\/span>\n\t<\/h2>\n<div class=\"qodef-e-content\">\n\t<div class=\"qodef-e-content-inner\">\n\t\t<p class=\"p1\">Oui, la livraison est enti\u00e8rement incluse.<\/p>\t<\/div>\n<\/div>\n<h2 class=\"qodef-e-title-holder\">\n\t<span class=\"qodef-e-title\">\n\t\t\t\tJ\u2019habite \u00e0 un \u00e9tage sans ascenseur. Comment le fauteuil est-il livr\u00e9 ?\t<\/span>\n\t<\/h2>\n<div class=\"qodef-e-content\">\n\t<div class=\"qodef-e-content-inner\">\n\t\t<p class=\"p1\">Dans ce cas, le fauteuil est livr\u00e9 en plusieurs parties. Nos propres techniciens assurent le montage sur place, sans frais suppl\u00e9mentaires.<\/p>\t<\/div>\n<\/div>\n<h2 class=\"qodef-e-title-holder\">\n\t<span class=\"qodef-e-title\">\n\t\t\t\tY a-t-il des suppl\u00e9ments possibles ?\t<\/span>\n\t<\/h2>\n<div class=\"qodef-e-content\">\n\t<div class=\"qodef-e-content-inner\">\n\t\t<p class=\"p1\">Oui, certaines options comme le massage, le chauffage, une batterie rechargeable ou un coussin d\u2019assise altern\u00e9 peuvent entra\u00eener un co\u00fbt suppl\u00e9mentaire.<\/p>\t<\/div>\n<\/div>\n<h2 class=\"qodef-e-title-holder\">\n\t<span class=\"qodef-e-title\">\n\t\t\t\tO\u00f9 puis-je demander une prise de mesures ?\t<\/span>\n\t<\/h2>\n<div class=\"qodef-e-content\">\n\t<div class=\"qodef-e-content-inner\">\n\t\t<p class=\"p1\">Vous pouvez demander une prise de mesures via tous nos points de vente.<\/p>\t<\/div>\n<\/div>\n<h2 class=\"qodef-e-title-holder\">\n\t<span class=\"qodef-e-title\">\n\t\t\t\tComment se d\u00e9roule la prise de mesures ?\t<\/span>\n\t<\/h2>\n<div class=\"qodef-e-content\">\n\t<div class=\"qodef-e-content-inner\">\n\t\t<p class=\"p1\">Nos conseillers se d\u00e9placent \u00e0 domicile avec un fauteuil relax standard (\u00e9quip\u00e9 de 4 moteurs) et le mod\u00e8le de votre choix. Cela permet de d\u00e9terminer votre position d\u2019assise id\u00e9ale. Vous avez bien s\u00fbr votre mot \u00e0 dire et nous vous donnons des explications sur les diff\u00e9rentes options.<\/p>\t<\/div>\n<\/div>\n<h2 class=\"qodef-e-title-holder\">\n\t<span class=\"qodef-e-title\">\n\t\t\t\tQuand la prise de mesures a-t-elle lieu ?\t<\/span>\n\t<\/h2>\n<div class=\"qodef-e-content\">\n\t<div class=\"qodef-e-content-inner\">\n\t\t<p class=\"p1\">Dans les quelques jours ouvrables suivant votre demande, vous \u00eates contact\u00e9 afin de fixer un rendez-vous.<\/p>\t<\/div>\n<\/div>\n<h2 class=\"qodef-e-title-holder\">\n\t<span class=\"qodef-e-title\">\n\t\t\t\tQuel est le d\u00e9lai de livraison d\u2019un fauteuil sur mesure ?\t<\/span>\n\t<\/h2>\n<div class=\"qodef-e-content\">\n\t<div class=\"qodef-e-content-inner\">\n\t\t<p class=\"p1\">Le d\u00e9lai de livraison varie en fonction de plusieurs facteurs, mais il est en moyenne de 4 \u00e0 6 semaines.<\/p>\t<\/div>\n<\/div>\n<h2 class=\"qodef-e-title-holder\">\n\t<span class=\"qodef-e-title\">\n\t\t\t\tJ\u2019ai une situation urgente. Un fauteuil standard est-il livr\u00e9 plus rapidement ?\t<\/span>\n\t<\/h2>\n<div class=\"qodef-e-content\">\n\t<div class=\"qodef-e-content-inner\">\n\t\t<p class=\"p1\">Non, le d\u00e9lai est identique. En cas d\u2019urgence, nous pouvons toutefois fournir temporairement un fauteuil relax afin de vous permettre d\u2019attendre confortablement la livraison du nouveau fauteuil.<\/p>\t<\/div>\n<\/div>\n<h2 class=\"qodef-e-title-holder\">\n\t<span class=\"qodef-e-title\">\n\t\t\t\tQue se passe-t-il si mon fauteuil relax sur mesure ne r\u00e9pond pas enti\u00e8rement \u00e0 mes attentes ?\t<\/span>\n\t<\/h2>\n<div class=\"qodef-e-content\">\n\t<div class=\"qodef-e-content-inner\">\n\t\t<p class=\"p1\">Comme nous sommes conscients qu\u2019une prise de mesures n\u2019est qu\u2019un instantan\u00e9, nous pr\u00e9voyons une clause dans notre garantie vous permettant, jusqu\u2019\u00e0 3 mois apr\u00e8s la livraison, de faire effectuer gratuitement une adaptation, moyennant une remarque justifi\u00e9e.<\/p>\t<\/div>\n<\/div>\n<h2 class=\"qodef-e-title-holder\">\n\t<span class=\"qodef-e-title\">\n\t\t\t\tQue se passe-t-il si, en raison de circonstances, ma condition physique change et que mon fauteuil relax sur mesure ne convient plus parfaitement ? Dois-je acheter un nouveau fauteuil ?\t<\/span>\n\t<\/h2>\n<div class=\"qodef-e-content\">\n\t<div class=\"qodef-e-content-inner\">\n\t\t<p class=\"p1\">Pas n\u00e9cessairement. Nos fauteuils relax sont con\u00e7us de mani\u00e8re \u00e0 pouvoir \u00eatre adapt\u00e9s, souvent directement sur place. Dans ce cas, nous pouvons \u00e9valuer lors d\u2019une visite \u00e0 domicile comment et dans quelle mesure le fauteuil doit \u00eatre modifi\u00e9. N\u2019h\u00e9sitez donc pas \u00e0 nous contacter au pr\u00e9alable.<\/p>\t<\/div>\n<\/div>\n<h2 class=\"qodef-e-title-holder\">\n\t<span class=\"qodef-e-title\">\n\t\t\t\tCombien d\u2019ann\u00e9es de garantie offre Revilax ?\t<\/span>\n\t<\/h2>\n<div class=\"qodef-e-content\">\n\t<div class=\"qodef-e-content-inner\">\n\t\t<p class=\"p1\">Revilax offre une garantie de 5 ans.<\/p>\t<\/div>\n<\/div>\n<h2 class=\"qodef-e-title-holder\">\n\t<span class=\"qodef-e-title\">\n\t\t\t\tQue couvre la garantie ?\t<\/span>\n\t<\/h2>\n<div class=\"qodef-e-content\">\n\t<div class=\"qodef-e-content-inner\">\n\t\t<p class=\"p1\">Revilax propose une garantie totale. Il existe toutefois trois limitations importantes :<\/p>\n<ul class=\"ul1\">\n<li class=\"li1\">En cas de revente du fauteuil relax, la garantie devient caduque.<\/li>\n<li class=\"li1\">Les dommages caus\u00e9s par une utilisation inappropri\u00e9e ne sont pas couverts.<\/li>\n<li class=\"li1\">Le rev\u00eatement n\u2019est pas couvert par la garantie.<\/li>\n<\/ul>\t<\/div>\n<\/div>\n<h2 class=\"qodef-e-title-holder\">\n\t<span class=\"qodef-e-title\">\n\t\t\t\tRevilax fabrique-t-il \u00e9galement des canap\u00e9s assortis ?\t<\/span>\n\t<\/h2>\n<div class=\"qodef-e-content\">\n\t<div class=\"qodef-e-content-inner\">\n\t\t<p class=\"p1\">Revilax fabrique aussi des canap\u00e9s deux ou trois places assortis. Chaque extr\u00e9mit\u00e9 peut \u00eatre \u00e9quip\u00e9e d\u2019une fonction relax manuelle ou \u00e9lectrique.<\/p>\t<\/div>\n<\/div>\n<h2 class=\"qodef-e-title-holder\">\n\t<span class=\"qodef-e-title\">\n\t\t\t\tUn canap\u00e9 deux ou trois places peut-il \u00eatre \u00e9quip\u00e9 d\u2019une aide releveur ?\t<\/span>\n\t<\/h2>\n<div class=\"qodef-e-content\">\n\t<div class=\"qodef-e-content-inner\">\n\t\t<p class=\"p1\">Pour des raisons de s\u00e9curit\u00e9, nous ne recommandons pas l\u2019int\u00e9gration d\u2019une aide releveur dans un canap\u00e9 deux ou trois places. Nous ne proposons donc pas cette option.<\/p>\t<\/div>\n<\/div>\n<h2 class=\"qodef-e-title-holder\">\n\t<span class=\"qodef-e-title\">\n\t\t\t\tLe fauteuil relax est-il \u00e9quip\u00e9 de roulettes ?\t<\/span>\n\t<\/h2>\n<div class=\"qodef-e-content\">\n\t<div class=\"qodef-e-content-inner\">\n\t\t<p class=\"p1\">Par d\u00e9faut, nous pr\u00e9voyons 2 petites roulettes pivotantes \u00e0 l\u2019avant et 2 pieds fixes \u00e0 l\u2019arri\u00e8re. Sur demande, cela peut \u00eatre modifi\u00e9 en 4 roulettes pivotantes (petites ou grandes), avec ou sans frein.<\/p>\t<\/div>\n<\/div>\n<h2 class=\"qodef-e-title-holder\">\n\t<span class=\"qodef-e-title\">\n\t\t\t\tO\u00f9 puis-je tester un fauteuil relax ?\t<\/span>\n\t<\/h2>\n<div class=\"qodef-e-content\">\n\t<div class=\"qodef-e-content-inner\">\n\t\t<p class=\"p1\">La plupart de nos points de vente disposent d\u2019un fauteuil relax en showroom. Tous les mod\u00e8les ne sont pas expos\u00e9s partout. Il est donc conseill\u00e9 de contacter au pr\u00e9alable le point de vente de votre choix afin de v\u00e9rifier quels mod\u00e8les sont disponibles.<\/p>\t<\/div>\n<\/div>\n<h2 class=\"qodef-e-title-holder\">\n\t<span class=\"qodef-e-title\">\n\t\t\t\tQuels sont les rev\u00eatements et coloris disponibles ?\t<\/span>\n\t<\/h2>\n<div class=\"qodef-e-content\">\n\t<div class=\"qodef-e-content-inner\">\n\t\t<p class=\"p1\">Nos fauteuils relax sont disponibles en tissu lavable, en similicuir lavable, r\u00e9sistant \u00e0 l\u2019urine et ignifuge, facile \u00e0 nettoyer et \u00e0 d\u00e9sinfecter, en cuir de vache robuste et r\u00e9sistant, ainsi qu\u2019en cuir de veau souple et r\u00e9sistant \u00e0 l\u2019urine. Le tout est propos\u00e9 dans une large palette de couleurs afin que vous trouviez toujours une teinte \u00e0 votre go\u00fbt.<\/p>\t<\/div>\n<\/div>\n<h2 class=\"qodef-e-title-holder\">\n\t<span class=\"qodef-e-title\">\n\t\t\t\tLe mod\u00e8le de mon choix n\u2019est pas disponible dans un point de vente. Puis-je le voir et le tester autrement ?\t<\/span>\n\t<\/h2>\n<div class=\"qodef-e-content\">\n\t<div class=\"qodef-e-content-inner\">\n\t\t<p class=\"p1\">Oui, vous pouvez toujours prendre rendez-vous pour visiter notre showroom. Vous pourrez y d\u00e9couvrir et essayer tous nos mod\u00e8les. Si vous ne pouvez pas vous y rendre, nous pouvons apporter le mod\u00e8le de votre choix lors d\u2019une visite \u00e0 domicile afin que vous puissiez le voir et l\u2019essayer dans votre environnement.<\/p>\t<\/div>\n<\/div>\n<h2 class=\"qodef-e-title-holder\">\n\t<span class=\"qodef-e-title\">\n\t\t\t\tLe fauteuil relax n\u00e9cessite-t-il un entretien particulier ?\t<\/span>\n\t<\/h2>\n<div class=\"qodef-e-content\">\n\t<div class=\"qodef-e-content-inner\">\n\t\t<p class=\"p1\">Non, vous n\u2019avez pas besoin de produits sp\u00e9cifiques pour l\u2019entretien de votre fauteuil relax. Le tissu et le cuir peuvent \u00eatre nettoy\u00e9s conform\u00e9ment aux instructions d\u2019entretien fournies. Le similicuir est enti\u00e8rement lavable \u00e0 l\u2019eau ti\u00e8de avec un peu de liquide vaisselle. Les composants m\u00e9caniques et motoris\u00e9s du fauteuil ne n\u00e9cessitent aucun entretien particulier.<\/p>\t<\/div>\n<\/div>\n<h2 class=\"qodef-e-title-holder\">\n\t<span class=\"qodef-e-title\">\n\t\t\t\tLe m\u00e9canisme de mon fauteuil commence \u00e0 grincer. Puis-je lubrifier les parties mobiles ?\t<\/span>\n\t<\/h2>\n<div class=\"qodef-e-content\">\n\t<div class=\"qodef-e-content-inner\">\n\t\t<p class=\"p1\">Oui, les points de pivot du m\u00e9canisme peuvent \u00eatre trait\u00e9s avec un produit tel que du WD40.<\/p>\t<\/div>\n<\/div>\n<h2 class=\"qodef-e-title-holder\">\n\t<span class=\"qodef-e-title\">\n\t\t\t\tLe rev\u00eatement pr\u00e9sente des plis. Est-ce normal ?\t<\/span>\n\t<\/h2>\n<div class=\"qodef-e-content\">\n\t<div class=\"qodef-e-content-inner\">\n\t\t<p class=\"p1\">Oui, il est tout \u00e0 fait normal que des plis apparaissent avec le temps. L\u2019assise et le dossier y sont particuli\u00e8rement sensibles en raison de la pression constante. La mani\u00e8re dont nous r\u00e9alisons le garnissage influence \u00e9galement ce ph\u00e9nom\u00e8ne. Nous privil\u00e9gions un garnissage plus souple plut\u00f4t que tendu afin de garantir un confort et un fonctionnement optimaux.<\/p>\t<\/div>\n<\/div>\n<h2 class=\"qodef-e-title-holder\">\n\t<span class=\"qodef-e-title\">\n\t\t\t\tLe rev\u00eatement de mon fauteuil fait du bruit (craquement). Est-ce normal ?\t<\/span>\n\t<\/h2>\n<div class=\"qodef-e-content\">\n\t<div class=\"qodef-e-content-inner\">\n\t\t<p class=\"p1\">Oui, cela d\u00e9pend de plusieurs facteurs tels que le taux d\u2019humidit\u00e9, le type de rev\u00eatement, son anciennet\u00e9 ou encore son entretien. Ce bruit peut \u00eatre facilement r\u00e9duit en appliquant du savon brun (sans huile de lin) aux endroits o\u00f9 le rev\u00eatement frotte (entre l\u2019assise et l\u2019accoudoir, entre le dossier et l\u2019accoudoir).<\/p>\t<\/div>\n<\/div>\n<h2 class=\"qodef-e-title-holder\">\n\t<span class=\"qodef-e-title\">\n\t\t\t\tLa formation de plis peut-elle entra\u00eener des d\u00e9chirures \u00e0 long terme ?\t<\/span>\n\t<\/h2>\n<div class=\"qodef-e-content\">\n\t<div class=\"qodef-e-content-inner\">\n\t\t<p class=\"p1\">Non, la formation de plis est un ph\u00e9nom\u00e8ne tout \u00e0 fait normal et n\u2019entra\u00eene pas de d\u00e9chirures du rev\u00eatement.<\/p>\t<\/div>\n<\/div>\n<h2 class=\"qodef-e-title-holder\">\n\t<span class=\"qodef-e-title\">\n\t\t\t\tMon fauteuil relax est d\u00e9fectueux, que faire ?\t<\/span>\n\t<\/h2>\n<div class=\"qodef-e-content\">\n\t<div class=\"qodef-e-content-inner\">\n\t\t<p class=\"p1\">En cas de probl\u00e8me, nous vous conseillons de nous contacter directement par t\u00e9l\u00e9phone au 089 47 34 60. Cela nous permet d\u2019\u00e9valuer le probl\u00e8me \u00e0 distance et de vous fournir les premi\u00e8res instructions. Si une intervention \u00e0 domicile est n\u00e9cessaire, nous fixerons un rendez-vous. Notre propre service technique effectuera la r\u00e9paration chez vous. Si, exceptionnellement, la r\u00e9paration ne peut pas \u00eatre effectu\u00e9e sur place, un fauteuil temporaire pourra \u00eatre mis \u00e0 disposition gratuitement.<\/p>\t<\/div>\n<\/div>\n<h2 class=\"qodef-e-title-holder\">\n\t<span class=\"qodef-e-title\">\n\t\t\t\tQuel est le d\u00e9lai pour une intervention ?\t<\/span>\n\t<\/h2>\n<div class=\"qodef-e-content\">\n\t<div class=\"qodef-e-content-inner\">\n\t\t<p class=\"p1\">Nous faisons le maximum pour intervenir rapidement. Dans la plupart des cas, un rendez-vous est fix\u00e9 dans les quelques jours suivant votre signalement.<\/p>\t<\/div>\n<\/div>\n<\/div>\n\t<script type=\"application\/ld+json\">{\"@context\":\"https:\\\/\\\/schema.org\",\"@type\":\"FAQPage\",\"mainEntity\":[{\"@type\":\"Question\",\"name\":\"Que signifie le sur-mesure ?\",\"acceptedAnswer\":{\"@type\":\"Answer\",\"text\":\"<p class=\\\"p1\\\">Chaque fauteuil relax est enti\\u00e8rement adapt\\u00e9 \\u00e0 vos <span class=\\\"s1\\\">v\\u0153ux<\\\/span>, votre condition physique et vos besoins. Nous ne travaillons pas avec des tailles standard comme small, medium ou large. Chaque fauteuil est fabriqu\\u00e9 au centim\\u00e8tre pr\\u00e8s selon vos mesures.<\\\/p>\"}},{\"@type\":\"Question\",\"name\":\"Le sur-mesure est-il obligatoire ? Puis-je choisir une version standard ?\",\"acceptedAnswer\":{\"@type\":\"Answer\",\"text\":\"<p class=\\\"p1\\\">Le sur-mesure n\\u2019est pas obligatoire. Vous pouvez \\u00e9galement opter pour des dimensions standard.<\\\/p>\"}},{\"@type\":\"Question\",\"name\":\"Le sur-mesure entra\\u00eene-t-il un co\\u00fbt suppl\\u00e9mentaire ?\",\"acceptedAnswer\":{\"@type\":\"Answer\",\"text\":\"<p class=\\\"p1\\\">Non, le sur-mesure est inclus dans le prix. Nous travaillons avec des prix fixes afin d\\u2019\\u00e9viter toute mauvaise surprise.<\\\/p>\"}},{\"@type\":\"Question\",\"name\":\"La livraison est-elle incluse dans le prix ?\",\"acceptedAnswer\":{\"@type\":\"Answer\",\"text\":\"<p class=\\\"p1\\\">Oui, la livraison est enti\\u00e8rement incluse.<\\\/p>\"}},{\"@type\":\"Question\",\"name\":\"J\\u2019habite \\u00e0 un \\u00e9tage sans ascenseur. Comment le fauteuil est-il livr\\u00e9 ?\",\"acceptedAnswer\":{\"@type\":\"Answer\",\"text\":\"<p class=\\\"p1\\\">Dans ce cas, le fauteuil est livr\\u00e9 en plusieurs parties. Nos propres techniciens assurent le montage sur place, sans frais suppl\\u00e9mentaires.<\\\/p>\"}},{\"@type\":\"Question\",\"name\":\"Y a-t-il des suppl\\u00e9ments possibles ?\",\"acceptedAnswer\":{\"@type\":\"Answer\",\"text\":\"<p class=\\\"p1\\\">Oui, certaines options comme le massage, le chauffage, une batterie rechargeable ou un coussin d\\u2019assise altern\\u00e9 peuvent entra\\u00eener un co\\u00fbt suppl\\u00e9mentaire.<\\\/p>\"}},{\"@type\":\"Question\",\"name\":\"O\\u00f9 puis-je demander une prise de mesures ?\",\"acceptedAnswer\":{\"@type\":\"Answer\",\"text\":\"<p class=\\\"p1\\\">Vous pouvez demander une prise de mesures via tous nos points de vente.<\\\/p>\"}},{\"@type\":\"Question\",\"name\":\"Comment se d\\u00e9roule la prise de mesures ?\",\"acceptedAnswer\":{\"@type\":\"Answer\",\"text\":\"<p class=\\\"p1\\\">Nos conseillers se d\\u00e9placent \\u00e0 domicile avec un fauteuil relax standard (\\u00e9quip\\u00e9 de 4 moteurs) et le mod\\u00e8le de votre choix. Cela permet de d\\u00e9terminer votre position d\\u2019assise id\\u00e9ale. Vous avez bien s\\u00fbr votre mot \\u00e0 dire et nous vous donnons des explications sur les diff\\u00e9rentes options.<\\\/p>\"}},{\"@type\":\"Question\",\"name\":\"Quand la prise de mesures a-t-elle lieu ?\",\"acceptedAnswer\":{\"@type\":\"Answer\",\"text\":\"<p class=\\\"p1\\\">Dans les quelques jours ouvrables suivant votre demande, vous \\u00eates contact\\u00e9 afin de fixer un rendez-vous.<\\\/p>\"}},{\"@type\":\"Question\",\"name\":\"Quel est le d\\u00e9lai de livraison d\\u2019un fauteuil sur mesure ?\",\"acceptedAnswer\":{\"@type\":\"Answer\",\"text\":\"<p class=\\\"p1\\\">Le d\\u00e9lai de livraison varie en fonction de plusieurs facteurs, mais il est en moyenne de 4 \\u00e0 6 semaines.<\\\/p>\"}},{\"@type\":\"Question\",\"name\":\"J\\u2019ai une situation urgente. Un fauteuil standard est-il livr\\u00e9 plus rapidement ?\",\"acceptedAnswer\":{\"@type\":\"Answer\",\"text\":\"<p class=\\\"p1\\\">Non, le d\\u00e9lai est identique. En cas d\\u2019urgence, nous pouvons toutefois fournir temporairement un fauteuil relax afin de vous permettre d\\u2019attendre confortablement la livraison du nouveau fauteuil.<\\\/p>\"}},{\"@type\":\"Question\",\"name\":\"Que se passe-t-il si mon fauteuil relax sur mesure ne r\\u00e9pond pas enti\\u00e8rement \\u00e0 mes attentes ?\",\"acceptedAnswer\":{\"@type\":\"Answer\",\"text\":\"<p class=\\\"p1\\\">Comme nous sommes conscients qu\\u2019une prise de mesures n\\u2019est qu\\u2019un instantan\\u00e9, nous pr\\u00e9voyons une clause dans notre garantie vous permettant, jusqu\\u2019\\u00e0 3 mois apr\\u00e8s la livraison, de faire effectuer gratuitement une adaptation, moyennant une remarque justifi\\u00e9e.<\\\/p>\"}},{\"@type\":\"Question\",\"name\":\"Que se passe-t-il si, en raison de circonstances, ma condition physique change et que mon fauteuil relax sur mesure ne convient plus parfaitement ? Dois-je acheter un nouveau fauteuil ?\",\"acceptedAnswer\":{\"@type\":\"Answer\",\"text\":\"<p class=\\\"p1\\\">Pas n\\u00e9cessairement. Nos fauteuils relax sont con\\u00e7us de mani\\u00e8re \\u00e0 pouvoir \\u00eatre adapt\\u00e9s, souvent directement sur place. Dans ce cas, nous pouvons \\u00e9valuer lors d\\u2019une visite \\u00e0 domicile comment et dans quelle mesure le fauteuil doit \\u00eatre modifi\\u00e9. N\\u2019h\\u00e9sitez donc pas \\u00e0 nous contacter au pr\\u00e9alable.<\\\/p>\"}},{\"@type\":\"Question\",\"name\":\"Combien d\\u2019ann\\u00e9es de garantie offre Revilax ?\",\"acceptedAnswer\":{\"@type\":\"Answer\",\"text\":\"<p class=\\\"p1\\\">Revilax offre une garantie de 5 ans.<\\\/p>\"}},{\"@type\":\"Question\",\"name\":\"Que couvre la garantie ?\",\"acceptedAnswer\":{\"@type\":\"Answer\",\"text\":\"<p class=\\\"p1\\\">Revilax propose une garantie totale. Il existe toutefois trois limitations importantes :<\\\/p>\\n<ul class=\\\"ul1\\\">\\n<li class=\\\"li1\\\">En cas de revente du fauteuil relax, la garantie devient caduque.<\\\/li>\\n<li class=\\\"li1\\\">Les dommages caus\\u00e9s par une utilisation inappropri\\u00e9e ne sont pas couverts.<\\\/li>\\n<li class=\\\"li1\\\">Le rev\\u00eatement n\\u2019est pas couvert par la garantie.<\\\/li>\\n<\\\/ul>\"}},{\"@type\":\"Question\",\"name\":\"Revilax fabrique-t-il \\u00e9galement des canap\\u00e9s assortis ?\",\"acceptedAnswer\":{\"@type\":\"Answer\",\"text\":\"<p class=\\\"p1\\\">Revilax fabrique aussi des canap\\u00e9s deux ou trois places assortis. Chaque extr\\u00e9mit\\u00e9 peut \\u00eatre \\u00e9quip\\u00e9e d\\u2019une fonction relax manuelle ou \\u00e9lectrique.<\\\/p>\"}},{\"@type\":\"Question\",\"name\":\"Un canap\\u00e9 deux ou trois places peut-il \\u00eatre \\u00e9quip\\u00e9 d\\u2019une aide releveur ?\",\"acceptedAnswer\":{\"@type\":\"Answer\",\"text\":\"<p class=\\\"p1\\\">Pour des raisons de s\\u00e9curit\\u00e9, nous ne recommandons pas l\\u2019int\\u00e9gration d\\u2019une aide releveur dans un canap\\u00e9 deux ou trois places. Nous ne proposons donc pas cette option.<\\\/p>\"}},{\"@type\":\"Question\",\"name\":\"Le fauteuil relax est-il \\u00e9quip\\u00e9 de roulettes ?\",\"acceptedAnswer\":{\"@type\":\"Answer\",\"text\":\"<p class=\\\"p1\\\">Par d\\u00e9faut, nous pr\\u00e9voyons 2 petites roulettes pivotantes \\u00e0 l\\u2019avant et 2 pieds fixes \\u00e0 l\\u2019arri\\u00e8re. Sur demande, cela peut \\u00eatre modifi\\u00e9 en 4 roulettes pivotantes (petites ou grandes), avec ou sans frein.<\\\/p>\"}},{\"@type\":\"Question\",\"name\":\"O\\u00f9 puis-je tester un fauteuil relax ?\",\"acceptedAnswer\":{\"@type\":\"Answer\",\"text\":\"<p class=\\\"p1\\\">La plupart de nos points de vente disposent d\\u2019un fauteuil relax en showroom. Tous les mod\\u00e8les ne sont pas expos\\u00e9s partout. Il est donc conseill\\u00e9 de contacter au pr\\u00e9alable le point de vente de votre choix afin de v\\u00e9rifier quels mod\\u00e8les sont disponibles.<\\\/p>\"}},{\"@type\":\"Question\",\"name\":\"Quels sont les rev\\u00eatements et coloris disponibles ?\",\"acceptedAnswer\":{\"@type\":\"Answer\",\"text\":\"<p class=\\\"p1\\\">Nos fauteuils relax sont disponibles en tissu lavable, en similicuir lavable, r\\u00e9sistant \\u00e0 l\\u2019urine et ignifuge, facile \\u00e0 nettoyer et \\u00e0 d\\u00e9sinfecter, en cuir de vache robuste et r\\u00e9sistant, ainsi qu\\u2019en cuir de veau souple et r\\u00e9sistant \\u00e0 l\\u2019urine. Le tout est propos\\u00e9 dans une large palette de couleurs afin que vous trouviez toujours une teinte \\u00e0 votre go\\u00fbt.<\\\/p>\"}},{\"@type\":\"Question\",\"name\":\"Le mod\\u00e8le de mon choix n\\u2019est pas disponible dans un point de vente. Puis-je le voir et le tester autrement ?\",\"acceptedAnswer\":{\"@type\":\"Answer\",\"text\":\"<p class=\\\"p1\\\">Oui, vous pouvez toujours prendre rendez-vous pour visiter notre showroom. Vous pourrez y d\\u00e9couvrir et essayer tous nos mod\\u00e8les. Si vous ne pouvez pas vous y rendre, nous pouvons apporter le mod\\u00e8le de votre choix lors d\\u2019une visite \\u00e0 domicile afin que vous puissiez le voir et l\\u2019essayer dans votre environnement.<\\\/p>\"}},{\"@type\":\"Question\",\"name\":\"Le fauteuil relax n\\u00e9cessite-t-il un entretien particulier ?\",\"acceptedAnswer\":{\"@type\":\"Answer\",\"text\":\"<p class=\\\"p1\\\">Non, vous n\\u2019avez pas besoin de produits sp\\u00e9cifiques pour l\\u2019entretien de votre fauteuil relax. Le tissu et le cuir peuvent \\u00eatre nettoy\\u00e9s conform\\u00e9ment aux instructions d\\u2019entretien fournies. Le similicuir est enti\\u00e8rement lavable \\u00e0 l\\u2019eau ti\\u00e8de avec un peu de liquide vaisselle. Les composants m\\u00e9caniques et motoris\\u00e9s du fauteuil ne n\\u00e9cessitent aucun entretien particulier.<\\\/p>\"}},{\"@type\":\"Question\",\"name\":\"Le m\\u00e9canisme de mon fauteuil commence \\u00e0 grincer. Puis-je lubrifier les parties mobiles ?\",\"acceptedAnswer\":{\"@type\":\"Answer\",\"text\":\"<p class=\\\"p1\\\">Oui, les points de pivot du m\\u00e9canisme peuvent \\u00eatre trait\\u00e9s avec un produit tel que du WD40.<\\\/p>\"}},{\"@type\":\"Question\",\"name\":\"Le rev\\u00eatement pr\\u00e9sente des plis. Est-ce normal ?\",\"acceptedAnswer\":{\"@type\":\"Answer\",\"text\":\"<p class=\\\"p1\\\">Oui, il est tout \\u00e0 fait normal que des plis apparaissent avec le temps. L\\u2019assise et le dossier y sont particuli\\u00e8rement sensibles en raison de la pression constante. La mani\\u00e8re dont nous r\\u00e9alisons le garnissage influence \\u00e9galement ce ph\\u00e9nom\\u00e8ne. Nous privil\\u00e9gions un garnissage plus souple plut\\u00f4t que tendu afin de garantir un confort et un fonctionnement optimaux.<\\\/p>\"}},{\"@type\":\"Question\",\"name\":\"Le rev\\u00eatement de mon fauteuil fait du bruit (craquement). Est-ce normal ?\",\"acceptedAnswer\":{\"@type\":\"Answer\",\"text\":\"<p class=\\\"p1\\\">Oui, cela d\\u00e9pend de plusieurs facteurs tels que le taux d\\u2019humidit\\u00e9, le type de rev\\u00eatement, son anciennet\\u00e9 ou encore son entretien. Ce bruit peut \\u00eatre facilement r\\u00e9duit en appliquant du savon brun (sans huile de lin) aux endroits o\\u00f9 le rev\\u00eatement frotte (entre l\\u2019assise et l\\u2019accoudoir, entre le dossier et l\\u2019accoudoir).<\\\/p>\"}},{\"@type\":\"Question\",\"name\":\"La formation de plis peut-elle entra\\u00eener des d\\u00e9chirures \\u00e0 long terme ?\",\"acceptedAnswer\":{\"@type\":\"Answer\",\"text\":\"<p class=\\\"p1\\\">Non, la formation de plis est un ph\\u00e9nom\\u00e8ne tout \\u00e0 fait normal et n\\u2019entra\\u00eene pas de d\\u00e9chirures du rev\\u00eatement.<\\\/p>\"}},{\"@type\":\"Question\",\"name\":\"Mon fauteuil relax est d\\u00e9fectueux, que faire ?\",\"acceptedAnswer\":{\"@type\":\"Answer\",\"text\":\"<p class=\\\"p1\\\">En cas de probl\\u00e8me, nous vous conseillons de nous contacter directement par t\\u00e9l\\u00e9phone au 089 47 34 60. Cela nous permet d\\u2019\\u00e9valuer le probl\\u00e8me \\u00e0 distance et de vous fournir les premi\\u00e8res instructions. Si une intervention \\u00e0 domicile est n\\u00e9cessaire, nous fixerons un rendez-vous. Notre propre service technique effectuera la r\\u00e9paration chez vous. Si, exceptionnellement, la r\\u00e9paration ne peut pas \\u00eatre effectu\\u00e9e sur place, un fauteuil temporaire pourra \\u00eatre mis \\u00e0 disposition gratuitement.<\\\/p>\"}},{\"@type\":\"Question\",\"name\":\"Quel est le d\\u00e9lai pour une intervention ?\",\"acceptedAnswer\":{\"@type\":\"Answer\",\"text\":\"<p class=\\\"p1\\\">Nous faisons le maximum pour intervenir rapidement. Dans la plupart des cas, un rendez-vous est fix\\u00e9 dans les quelques jours suivant votre signalement.<\\\/p>\"}}]}<\/script>\n\t\t\t\t<\/div>\n\t\t\t\t<\/div>\n\t\t\t\t\t<\/div>\n\t\t<\/div>\n\t\t\t\t\t<\/div>\n\t\t<\/section>\n\t\t\t\t<section class=\"elementor-section elementor-top-section elementor-element elementor-element-9e58629 elementor-section-full_width qodef-elementor-content-grid elementor-section-content-middle elementor-section-height-default elementor-section-height-default\" data-id=\"9e58629\" data-element_type=\"section\" data-settings=\"{&quot;background_background&quot;:&quot;classic&quot;}\">\n\t\t\t\t\t\t<div class=\"elementor-container elementor-column-gap-default\">\n\t\t\t\t\t<div class=\"elementor-column elementor-col-33 elementor-top-column elementor-element elementor-element-459119d\" data-id=\"459119d\" data-element_type=\"column\">\n\t\t\t<div class=\"elementor-widget-wrap elementor-element-populated\">\n\t\t\t\t\t\t<div class=\"elementor-element elementor-element-bde2c9a elementor-widget elementor-widget-image\" data-id=\"bde2c9a\" data-element_type=\"widget\" data-widget_type=\"image.default\">\n\t\t\t\t<div class=\"elementor-widget-container\">\n\t\t\t\t\t\t\t\t\t\t\t\t\t\t\t<img fetchpriority=\"high\" decoding=\"async\" width=\"300\" height=\"256\" src=\"https:\/\/www.revilax.be\/wp-content\/uploads\/2023\/09\/GARANTIE_FR_DEF-300x256.png\" class=\"attachment-medium size-medium wp-image-10043\" alt=\"GARANTIE FR DEF\" srcset=\"https:\/\/www.revilax.be\/wp-content\/uploads\/2023\/09\/GARANTIE_FR_DEF-300x256.png 300w, https:\/\/www.revilax.be\/wp-content\/uploads\/2023\/09\/GARANTIE_FR_DEF.png 500w\" sizes=\"(max-width: 300px) 100vw, 300px\" \/>\t\t\t\t\t\t\t\t\t\t\t\t\t\t\t<\/div>\n\t\t\t\t<\/div>\n\t\t\t\t\t<\/div>\n\t\t<\/div>\n\t\t\t\t<div class=\"elementor-column elementor-col-33 elementor-top-column elementor-element elementor-element-3c16f76\" data-id=\"3c16f76\" data-element_type=\"column\">\n\t\t\t<div class=\"elementor-widget-wrap\">\n\t\t\t\t\t\t\t<\/div>\n\t\t<\/div>\n\t\t\t\t<div class=\"elementor-column elementor-col-33 elementor-top-column elementor-element elementor-element-a15b7ec\" data-id=\"a15b7ec\" data-element_type=\"column\">\n\t\t\t<div class=\"elementor-widget-wrap\">\n\t\t\t\t\t\t\t<\/div>\n\t\t<\/div>\n\t\t\t\t\t<\/div>\n\t\t<\/section>\n\t\t\t\t<section class=\"elementor-section elementor-top-section elementor-element elementor-element-a586779 elementor-section-full_width qodef-elementor-content-grid elementor-section-height-default elementor-section-height-default\" data-id=\"a586779\" data-element_type=\"section\">\n\t\t\t\t\t\t\t<div class=\"elementor-background-overlay\"><\/div>\n\t\t\t\t\t\t\t<div class=\"elementor-container elementor-column-gap-default\">\n\t\t\t\t\t<div class=\"elementor-column elementor-col-100 elementor-top-column elementor-element elementor-element-9e8dff2\" data-id=\"9e8dff2\" data-element_type=\"column\">\n\t\t\t<div class=\"elementor-widget-wrap elementor-element-populated\">\n\t\t\t\t\t\t<div class=\"elementor-element elementor-element-09c8236 elementor-widget elementor-widget-spacer\" data-id=\"09c8236\" data-element_type=\"widget\" data-widget_type=\"spacer.default\">\n\t\t\t\t<div class=\"elementor-widget-container\">\n\t\t\t\t\t\t\t<div class=\"elementor-spacer\">\n\t\t\t<div class=\"elementor-spacer-inner\"><\/div>\n\t\t<\/div>\n\t\t\t\t\t\t<\/div>\n\t\t\t\t<\/div>\n\t\t\t\t<div class=\"elementor-element elementor-element-4443c62 elementor-widget elementor-widget-umea_core_section_title\" data-id=\"4443c62\" data-element_type=\"widget\" data-widget_type=\"umea_core_section_title.default\">\n\t\t\t\t<div class=\"elementor-widget-container\">\n\t\t\t\t\t<div class=\"qodef-shortcode qodef-m  qodef-section-title qodef-alignment--center \">\n\t\t<h6 class=\"qodef-m-tagline\" style=\"color: #FFFFFF\">\n\tTRAVAIL ARTISANAL\t<\/h6>\n\t\t<h2 class=\"qodef-m-title\" style=\"color: #FFFFFF\">\n\t\t\t\t\tDE 5 ANS GARANTIE\t\t\t\t\t<\/h2>\n\t\t<div class=\"qodef-m-separator clear\">\n\t\t<div class=\"qodef-shortcode qodef-m  qodef-separator clear \">\t<div class=\"qodef-m-line\" style=\"width: 0px;border-bottom-width: 0px;margin-top: 0px;margin-bottom: 0px\"><\/div><\/div>\t<\/div>\n\t\t<p class=\"qodef-m-text\" style=\"color: #FFFFFF\">Revilax\u00ae attache beaucoup d\u2019importance au travail artisanal. (HIB-label \u201cHandmade In Belgium\u201d) Chaque fauteuil est produit dans nos ateliers. Et parce que nous sommes convaincus de sa qualit\u00e9, vous b\u00e9n\u00e9ficiez d\u2019une garantie compl\u00e8te de cinq ans. Nos fauteuils vous garantissent du confort pour des anne\u00e9s.<\/p>\n\t<\/div>\n\t\t\t\t<\/div>\n\t\t\t\t<\/div>\n\t\t\t\t<div class=\"elementor-element elementor-element-d4b20ac elementor-widget__width-initial elementor-widget elementor-widget-qi_addons_for_elementor_button\" data-id=\"d4b20ac\" data-element_type=\"widget\" data-widget_type=\"qi_addons_for_elementor_button.default\">\n\t\t\t\t<div class=\"elementor-widget-container\">\n\t\t\t\t\t<a class=\"qodef-shortcode qodef-m qodef-qi-button qodef-html--link qodef-layout--filled qodef-type--standard qodef-size--small qodef-icon--right qodef-hover--icon-move-horizontal-short\" href=\"\/fr\/magasins\/\" target=\"_self\">\n\t<span class=\"qodef-m-text\">Trouver un magasin<\/span>\n\t<\/a>\n\t\t\t\t<\/div>\n\t\t\t\t<\/div>\n\t\t\t\t<div class=\"elementor-element elementor-element-108d0d0 elementor-widget elementor-widget-spacer\" data-id=\"108d0d0\" data-element_type=\"widget\" data-widget_type=\"spacer.default\">\n\t\t\t\t<div class=\"elementor-widget-container\">\n\t\t\t\t\t\t\t<div class=\"elementor-spacer\">\n\t\t\t<div class=\"elementor-spacer-inner\"><\/div>\n\t\t<\/div>\n\t\t\t\t\t\t<\/div>\n\t\t\t\t<\/div>\n\t\t\t\t\t<\/div>\n\t\t<\/div>\n\t\t\t\t\t<\/div>\n\t\t<\/section>\n\t\t\t\t<\/div>\n\t\t","protected":false},"excerpt":{"rendered":"<p>FAQ Foire aux questions sur les fauteuils de relaxation Revilax On ne choisit pas un fauteuil de relaxation \u00e0 la l\u00e9g\u00e8re. Le confort, le soutien et la fiabilit\u00e9 sont essentiels, surtout lorsque le fauteuil est utilis\u00e9 intensivement au quotidien. Chez Revilax, nous croyons au sur-mesure sans surprise, \u00e0 des accords clairs et \u00e0 un service [&hellip;]<\/p>\n","protected":false},"author":1,"featured_media":0,"parent":0,"menu_order":0,"comment_status":"closed","ping_status":"closed","template":"page-full-width.php","meta":{"footnotes":""},"class_list":["post-13547","page","type-page","status-publish","hentry"],"yoast_head":"<!-- This site is optimized with the Yoast SEO plugin v27.3 - https:\/\/yoast.com\/product\/yoast-seo-wordpress\/ -->\n<title>Questions fr\u00e9quentes - Revilax<\/title>\n<meta name=\"description\" content=\"Depuis 1994, Revilax est sp\u00e9cialis\u00e9 dans les fauteuils de relaxation sur mesure. Gr\u00e2ce \u00e0 nos nombreuses ann\u00e9es d&#039;exp\u00e9rience, nous disposons d&#039;une vaste expertise dans notre domaine.\" \/>\n<meta name=\"robots\" content=\"index, follow, max-snippet:-1, max-image-preview:large, max-video-preview:-1\" \/>\n<link rel=\"canonical\" href=\"https:\/\/www.revilax.be\/fr\/questions-frequentes\/\" \/>\n<meta property=\"og:locale\" content=\"fr_FR\" \/>\n<meta property=\"og:type\" content=\"article\" \/>\n<meta property=\"og:title\" content=\"Questions fr\u00e9quentes - Revilax\" \/>\n<meta property=\"og:description\" content=\"Depuis 1994, Revilax est sp\u00e9cialis\u00e9 dans les fauteuils de relaxation sur mesure. Gr\u00e2ce \u00e0 nos nombreuses ann\u00e9es d&#039;exp\u00e9rience, nous disposons d&#039;une vaste expertise dans notre domaine.\" \/>\n<meta property=\"og:url\" content=\"https:\/\/www.revilax.be\/fr\/questions-frequentes\/\" \/>\n<meta property=\"og:site_name\" content=\"Revilax\" \/>\n<meta property=\"article:modified_time\" content=\"2026-03-30T08:30:36+00:00\" \/>\n<meta property=\"og:image\" content=\"https:\/\/www.revilax.be\/wp-content\/uploads\/2023\/09\/GARANTIE_FR_DEF-300x256.png\" \/>\n<meta name=\"twitter:card\" content=\"summary_large_image\" \/>\n<script type=\"application\/ld+json\" class=\"yoast-schema-graph\">{\"@context\":\"https:\\\/\\\/schema.org\",\"@graph\":[{\"@type\":\"WebPage\",\"@id\":\"https:\\\/\\\/www.revilax.be\\\/fr\\\/questions-frequentes\\\/\",\"url\":\"https:\\\/\\\/www.revilax.be\\\/fr\\\/questions-frequentes\\\/\",\"name\":\"Questions fr\u00e9quentes - Revilax\",\"isPartOf\":{\"@id\":\"https:\\\/\\\/www.revilax.be\\\/fr\\\/#website\"},\"primaryImageOfPage\":{\"@id\":\"https:\\\/\\\/www.revilax.be\\\/fr\\\/questions-frequentes\\\/#primaryimage\"},\"image\":{\"@id\":\"https:\\\/\\\/www.revilax.be\\\/fr\\\/questions-frequentes\\\/#primaryimage\"},\"thumbnailUrl\":\"https:\\\/\\\/www.revilax.be\\\/wp-content\\\/uploads\\\/2023\\\/09\\\/GARANTIE_FR_DEF-300x256.png\",\"datePublished\":\"2026-01-30T11:08:58+00:00\",\"dateModified\":\"2026-03-30T08:30:36+00:00\",\"description\":\"Depuis 1994, Revilax est sp\u00e9cialis\u00e9 dans les fauteuils de relaxation sur mesure. Gr\u00e2ce \u00e0 nos nombreuses ann\u00e9es d'exp\u00e9rience, nous disposons d'une vaste expertise dans notre domaine.\",\"breadcrumb\":{\"@id\":\"https:\\\/\\\/www.revilax.be\\\/fr\\\/questions-frequentes\\\/#breadcrumb\"},\"inLanguage\":\"fr-FR\",\"potentialAction\":[{\"@type\":\"ReadAction\",\"target\":[\"https:\\\/\\\/www.revilax.be\\\/fr\\\/questions-frequentes\\\/\"]}]},{\"@type\":\"ImageObject\",\"inLanguage\":\"fr-FR\",\"@id\":\"https:\\\/\\\/www.revilax.be\\\/fr\\\/questions-frequentes\\\/#primaryimage\",\"url\":\"https:\\\/\\\/www.revilax.be\\\/wp-content\\\/uploads\\\/2023\\\/09\\\/GARANTIE_FR_DEF-300x256.png\",\"contentUrl\":\"https:\\\/\\\/www.revilax.be\\\/wp-content\\\/uploads\\\/2023\\\/09\\\/GARANTIE_FR_DEF-300x256.png\"},{\"@type\":\"BreadcrumbList\",\"@id\":\"https:\\\/\\\/www.revilax.be\\\/fr\\\/questions-frequentes\\\/#breadcrumb\",\"itemListElement\":[{\"@type\":\"ListItem\",\"position\":1,\"name\":\"Home\",\"item\":\"https:\\\/\\\/www.revilax.be\\\/fr\\\/\"},{\"@type\":\"ListItem\",\"position\":2,\"name\":\"Questions fr\u00e9quentes\"}]},{\"@type\":\"WebSite\",\"@id\":\"https:\\\/\\\/www.revilax.be\\\/fr\\\/#website\",\"url\":\"https:\\\/\\\/www.revilax.be\\\/fr\\\/\",\"name\":\"Revilax\",\"description\":\"Relaxzetels op maat\",\"potentialAction\":[{\"@type\":\"SearchAction\",\"target\":{\"@type\":\"EntryPoint\",\"urlTemplate\":\"https:\\\/\\\/www.revilax.be\\\/fr\\\/?s={search_term_string}\"},\"query-input\":{\"@type\":\"PropertyValueSpecification\",\"valueRequired\":true,\"valueName\":\"search_term_string\"}}],\"inLanguage\":\"fr-FR\"}]}<\/script>\n<!-- \/ Yoast SEO plugin. -->","yoast_head_json":{"title":"Questions fr\u00e9quentes - Revilax","description":"Depuis 1994, Revilax est sp\u00e9cialis\u00e9 dans les fauteuils de relaxation sur mesure. Gr\u00e2ce \u00e0 nos nombreuses ann\u00e9es d'exp\u00e9rience, nous disposons d'une vaste expertise dans notre domaine.","robots":{"index":"index","follow":"follow","max-snippet":"max-snippet:-1","max-image-preview":"max-image-preview:large","max-video-preview":"max-video-preview:-1"},"canonical":"https:\/\/www.revilax.be\/fr\/questions-frequentes\/","og_locale":"fr_FR","og_type":"article","og_title":"Questions fr\u00e9quentes - Revilax","og_description":"Depuis 1994, Revilax est sp\u00e9cialis\u00e9 dans les fauteuils de relaxation sur mesure. Gr\u00e2ce \u00e0 nos nombreuses ann\u00e9es d'exp\u00e9rience, nous disposons d'une vaste expertise dans notre domaine.","og_url":"https:\/\/www.revilax.be\/fr\/questions-frequentes\/","og_site_name":"Revilax","article_modified_time":"2026-03-30T08:30:36+00:00","og_image":[{"url":"https:\/\/www.revilax.be\/wp-content\/uploads\/2023\/09\/GARANTIE_FR_DEF-300x256.png","type":"","width":"","height":""}],"twitter_card":"summary_large_image","schema":{"@context":"https:\/\/schema.org","@graph":[{"@type":"WebPage","@id":"https:\/\/www.revilax.be\/fr\/questions-frequentes\/","url":"https:\/\/www.revilax.be\/fr\/questions-frequentes\/","name":"Questions fr\u00e9quentes - Revilax","isPartOf":{"@id":"https:\/\/www.revilax.be\/fr\/#website"},"primaryImageOfPage":{"@id":"https:\/\/www.revilax.be\/fr\/questions-frequentes\/#primaryimage"},"image":{"@id":"https:\/\/www.revilax.be\/fr\/questions-frequentes\/#primaryimage"},"thumbnailUrl":"https:\/\/www.revilax.be\/wp-content\/uploads\/2023\/09\/GARANTIE_FR_DEF-300x256.png","datePublished":"2026-01-30T11:08:58+00:00","dateModified":"2026-03-30T08:30:36+00:00","description":"Depuis 1994, Revilax est sp\u00e9cialis\u00e9 dans les fauteuils de relaxation sur mesure. Gr\u00e2ce \u00e0 nos nombreuses ann\u00e9es d'exp\u00e9rience, nous disposons d'une vaste expertise dans notre domaine.","breadcrumb":{"@id":"https:\/\/www.revilax.be\/fr\/questions-frequentes\/#breadcrumb"},"inLanguage":"fr-FR","potentialAction":[{"@type":"ReadAction","target":["https:\/\/www.revilax.be\/fr\/questions-frequentes\/"]}]},{"@type":"ImageObject","inLanguage":"fr-FR","@id":"https:\/\/www.revilax.be\/fr\/questions-frequentes\/#primaryimage","url":"https:\/\/www.revilax.be\/wp-content\/uploads\/2023\/09\/GARANTIE_FR_DEF-300x256.png","contentUrl":"https:\/\/www.revilax.be\/wp-content\/uploads\/2023\/09\/GARANTIE_FR_DEF-300x256.png"},{"@type":"BreadcrumbList","@id":"https:\/\/www.revilax.be\/fr\/questions-frequentes\/#breadcrumb","itemListElement":[{"@type":"ListItem","position":1,"name":"Home","item":"https:\/\/www.revilax.be\/fr\/"},{"@type":"ListItem","position":2,"name":"Questions fr\u00e9quentes"}]},{"@type":"WebSite","@id":"https:\/\/www.revilax.be\/fr\/#website","url":"https:\/\/www.revilax.be\/fr\/","name":"Revilax","description":"Relaxzetels op maat","potentialAction":[{"@type":"SearchAction","target":{"@type":"EntryPoint","urlTemplate":"https:\/\/www.revilax.be\/fr\/?s={search_term_string}"},"query-input":{"@type":"PropertyValueSpecification","valueRequired":true,"valueName":"search_term_string"}}],"inLanguage":"fr-FR"}]}},"_links":{"self":[{"href":"https:\/\/www.revilax.be\/fr\/wp-json\/wp\/v2\/pages\/13547","targetHints":{"allow":["GET"]}}],"collection":[{"href":"https:\/\/www.revilax.be\/fr\/wp-json\/wp\/v2\/pages"}],"about":[{"href":"https:\/\/www.revilax.be\/fr\/wp-json\/wp\/v2\/types\/page"}],"author":[{"embeddable":true,"href":"https:\/\/www.revilax.be\/fr\/wp-json\/wp\/v2\/users\/1"}],"replies":[{"embeddable":true,"href":"https:\/\/www.revilax.be\/fr\/wp-json\/wp\/v2\/comments?post=13547"}],"version-history":[{"count":11,"href":"https:\/\/www.revilax.be\/fr\/wp-json\/wp\/v2\/pages\/13547\/revisions"}],"predecessor-version":[{"id":13637,"href":"https:\/\/www.revilax.be\/fr\/wp-json\/wp\/v2\/pages\/13547\/revisions\/13637"}],"wp:attachment":[{"href":"https:\/\/www.revilax.be\/fr\/wp-json\/wp\/v2\/media?parent=13547"}],"curies":[{"name":"wp","href":"https:\/\/api.w.org\/{rel}","templated":true}]}}